{"id":5151,"date":"2019-12-10T11:47:31","date_gmt":"2019-12-10T13:47:31","guid":{"rendered":"http:\/\/blogdobetinho.com\/?page_id=5151"},"modified":"2021-02-12T13:38:22","modified_gmt":"2021-02-12T16:38:22","slug":"inicio","status":"publish","type":"page","link":"https:\/\/blogdobetinho.com\/","title":{"rendered":""},"content":{"rendered":"<div class=\"pvc_clear\"><\/div>\n<p class=\"pvc_stats all \" data-element-id=\"5151\" style=\"\"><i class=\"pvc-stats-icon medium\" aria-hidden=\"true\"><svg aria-hidden=\"true\" focusable=\"false\" data-prefix=\"far\" data-icon=\"chart-bar\" role=\"img\" xmlns=\"http:\/\/www.w3.org\/2000\/svg\" viewBox=\"0 0 512 512\" class=\"svg-inline--fa fa-chart-bar fa-w-16 fa-2x\"><path fill=\"currentColor\" d=\"M396.8 352h22.4c6.4 0 12.8-6.4 12.8-12.8V108.8c0-6.4-6.4-12.8-12.8-12.8h-22.4c-6.4 0-12.8 6.4-12.8 12.8v230.4c0 6.4 6.4 12.8 12.8 12.8zm-192 0h22.4c6.4 0 12.8-6.4 12.8-12.8V140.8c0-6.4-6.4-12.8-12.8-12.8h-22.4c-6.4 0-12.8 6.4-12.8 12.8v198.4c0 6.4 6.4 12.8 12.8 12.8zm96 0h22.4c6.4 0 12.8-6.4 12.8-12.8V204.8c0-6.4-6.4-12.8-12.8-12.8h-22.4c-6.4 0-12.8 6.4-12.8 12.8v134.4c0 6.4 6.4 12.8 12.8 12.8zM496 400H48V80c0-8.84-7.16-16-16-16H16C7.16 64 0 71.16 0 80v336c0 17.67 14.33 32 32 32h464c8.84 0 16-7.16 16-16v-16c0-8.84-7.16-16-16-16zm-387.2-48h22.4c6.4 0 12.8-6.4 12.8-12.8v-70.4c0-6.4-6.4-12.8-12.8-12.8h-22.4c-6.4 0-12.8 6.4-12.8 12.8v70.4c0 6.4 6.4 12.8 12.8 12.8z\" class=\"\"><\/path><\/svg><\/i> Total de Visualiza\u00e7\u00f5es&nbsp;0&nbsp;total views<\/p>\n<div class=\"pvc_clear\"><\/div>\n<p><span class=\"wprpsm-shortcode-preview\">\t\t<div class=\"wppsac-wrap wppsac-slick-slider-wrp wppsac-clearfix \" data-conf=\"{&quot;dots&quot;:&quot;true&quot;,&quot;arrows&quot;:&quot;true&quot;,&quot;autoplay&quot;:&quot;true&quot;,&quot;autoplay_interval&quot;:3000,&quot;speed&quot;:500,&quot;rtl&quot;:&quot;false&quot;,&quot;lazyload&quot;:&quot;&quot;}\">\r\n\t\t\t<div id=\"wppsac-post-slider-1\" class=\"wppsac-post-slider-init wppsac-post-slider design-3\">\r\n\t\t\t\t<div class=\"wppsac-post-slides\">\r\n\t<div class=\"wppsac-post-overlay\">\r\n\t\t<div class=\"wppsac-post-image-bg\">\r\n\t\t\t<a href=\"https:\/\/blogdobetinho.com\/?p=6545\">\r\n\t\t\t\t\t\t\t\t<img decoding=\"async\" class=\"wppsac-post-image\"  src=\"https:\/\/blogdobetinho.com\/wp-content\/uploads\/2025\/12\/75d91e1c-0f66-4ea4-ab13-3a775a686af1.jpeg\" alt=\"Munic\u00edpios devem ficar atentos: Receita e CGSN divulgam cronograma de op\u00e7\u00e3o pelo Simples Nacional em 2026\" \/>\r\n\t\t\t\t\t\t\t<\/a>\r\n\t\t<\/div>\r\n\r\n\t\t\t\t<div class=\"wppsac-post-categories\"><ul class=\"wppsac-post-categories-list\"><li><a href=\"https:\/\/blogdobetinho.com\/?cat=62\">Atualidades<\/a><\/li><\/ul><\/div>\r\n\t\t\r\n\t\t<div class=\"wppsac-post-short-content\">\r\n\t\t\t<div class=\"wppsac-item-meta bottom\">\r\n\t\t\t  \t<h2 class=\"wppsac-post-title\">\r\n\t\t\t\t\t<a href=\"https:\/\/blogdobetinho.com\/?p=6545\">Munic\u00edpios devem ficar atentos: Receita e CGSN divulgam cronograma de op\u00e7\u00e3o pelo Simples Nacional em 2026<\/a>\r\n\t\t\t\t<\/h2>\r\n\r\n\t\t\t\t\t\t\t\t<div class=\"wppsac-post-date\">\r\n\t\t\t\t\t \r\n\t\t\t\t\t<span>By blogdobetinho<\/span>\r\n\t\t\t\t\t \/ 12 de dezembro de 2025 -  17:06:54\t\t\t\t<\/div>\r\n\t\t\t\t\t\t\t\t<div class=\"wppsac-post-content\">\r\n\t\t\t\t\t<div class=\"wppsac-sub-content\">Munic\u00edpios devem ficar atentos: Receita e CGSN divulgam cronograma de op\u00e7\u00e3o pelo Simples Nacional em 2026 A Secretaria Executiva do...<\/div>\r\n\r\n\t\t\t\t\t\t\t\t\t\t<a class=\"wppsac-readmorebtn\" href=\"https:\/\/blogdobetinho.com\/?p=6545\">Read More<\/a>\r\n\t\t\t\t\t\t\t\t\t<\/div>\r\n\t\t\t\t\t\t\t<\/div>\r\n\t\t<\/div>\r\n\t<\/div>\r\n<\/div><div class=\"wppsac-post-slides\">\r\n\t<div class=\"wppsac-post-overlay\">\r\n\t\t<div class=\"wppsac-post-image-bg\">\r\n\t\t\t<a href=\"https:\/\/blogdobetinho.com\/?p=6534\">\r\n\t\t\t\t\t\t\t\t<img decoding=\"async\" class=\"wppsac-post-image\"  src=\"https:\/\/blogdobetinho.com\/wp-content\/uploads\/2025\/12\/nota-fiscal-eletronica-nf-e-linko-comercial-cr-sistemas-e-web-9osync.jpg\" alt=\"Prefeitura inicia testes para emiss\u00e3o da Nota Fiscal de Servi\u00e7o Eletr\u00f4nica em padr\u00e3o nacional\" \/>\r\n\t\t\t\t\t\t\t<\/a>\r\n\t\t<\/div>\r\n\r\n\t\t\t\t<div class=\"wppsac-post-categories\"><ul class=\"wppsac-post-categories-list\"><li><a href=\"https:\/\/blogdobetinho.com\/?cat=66\">PREFEITURA<\/a><\/li><\/ul><\/div>\r\n\t\t\r\n\t\t<div class=\"wppsac-post-short-content\">\r\n\t\t\t<div class=\"wppsac-item-meta bottom\">\r\n\t\t\t  \t<h2 class=\"wppsac-post-title\">\r\n\t\t\t\t\t<a href=\"https:\/\/blogdobetinho.com\/?p=6534\">Prefeitura inicia testes para emiss\u00e3o da Nota Fiscal de Servi\u00e7o Eletr\u00f4nica em padr\u00e3o nacional<\/a>\r\n\t\t\t\t<\/h2>\r\n\r\n\t\t\t\t\t\t\t\t<div class=\"wppsac-post-date\">\r\n\t\t\t\t\t \r\n\t\t\t\t\t<span>By blogdobetinho<\/span>\r\n\t\t\t\t\t \/ 11 de dezembro de 2025 -  14:15:59\t\t\t\t<\/div>\r\n\t\t\t\t\t\t\t\t<div class=\"wppsac-post-content\">\r\n\t\t\t\t\t<div class=\"wppsac-sub-content\">Ambiente de produ\u00e7\u00e3o restrita j\u00e1 est\u00e1 dispon\u00edvel para contribuintes realizarem testes antes da migra\u00e7\u00e3o oficial A Prefeitura de Santar\u00e9m, por...<\/div>\r\n\r\n\t\t\t\t\t\t\t\t\t\t<a class=\"wppsac-readmorebtn\" href=\"https:\/\/blogdobetinho.com\/?p=6534\">Read More<\/a>\r\n\t\t\t\t\t\t\t\t\t<\/div>\r\n\t\t\t\t\t\t\t<\/div>\r\n\t\t<\/div>\r\n\t<\/div>\r\n<\/div><div class=\"wppsac-post-slides\">\r\n\t<div class=\"wppsac-post-overlay\">\r\n\t\t<div class=\"wppsac-post-image-bg\">\r\n\t\t\t<a href=\"https:\/\/blogdobetinho.com\/?p=6529\">\r\n\t\t\t\t\t\t\t\t<img decoding=\"async\" class=\"wppsac-post-image\"  src=\"https:\/\/blogdobetinho.com\/wp-content\/uploads\/2025\/12\/prorefis-krvDrZ.jpg\" alt=\"Contribuintes t\u00eam at\u00e9 30 de dezembro para aproveitar os descontos do ProRefis 2025\" \/>\r\n\t\t\t\t\t\t\t<\/a>\r\n\t\t<\/div>\r\n\r\n\t\t\t\t<div class=\"wppsac-post-categories\"><ul class=\"wppsac-post-categories-list\"><li><a href=\"https:\/\/blogdobetinho.com\/?cat=66\">PREFEITURA<\/a><\/li><\/ul><\/div>\r\n\t\t\r\n\t\t<div class=\"wppsac-post-short-content\">\r\n\t\t\t<div class=\"wppsac-item-meta bottom\">\r\n\t\t\t  \t<h2 class=\"wppsac-post-title\">\r\n\t\t\t\t\t<a href=\"https:\/\/blogdobetinho.com\/?p=6529\">Contribuintes t\u00eam at\u00e9 30 de dezembro para aproveitar os descontos do ProRefis 2025<\/a>\r\n\t\t\t\t<\/h2>\r\n\r\n\t\t\t\t\t\t\t\t<div class=\"wppsac-post-date\">\r\n\t\t\t\t\t \r\n\t\t\t\t\t<span>By blogdobetinho<\/span>\r\n\t\t\t\t\t \/ 11 de dezembro de 2025 -  13:49:36\t\t\t\t<\/div>\r\n\t\t\t\t\t\t\t\t<div class=\"wppsac-post-content\">\r\n\t\t\t\t\t<div class=\"wppsac-sub-content\">Contribuintes t\u00eam nova oportunidade para regularizar d\u00e9bitos com descontos especiais A Prefeitura de Santar\u00e9m, por meio da Secretaria Municipal de...<\/div>\r\n\r\n\t\t\t\t\t\t\t\t\t\t<a class=\"wppsac-readmorebtn\" href=\"https:\/\/blogdobetinho.com\/?p=6529\">Read More<\/a>\r\n\t\t\t\t\t\t\t\t\t<\/div>\r\n\t\t\t\t\t\t\t<\/div>\r\n\t\t<\/div>\r\n\t<\/div>\r\n<\/div><div class=\"wppsac-post-slides\">\r\n\t<div class=\"wppsac-post-overlay\">\r\n\t\t<div class=\"wppsac-post-image-bg\">\r\n\t\t\t<a href=\"https:\/\/blogdobetinho.com\/?p=6511\">\r\n\t\t\t\t\t\t\t\t<img decoding=\"async\" class=\"wppsac-post-image\"  src=\"https:\/\/blogdobetinho.com\/wp-content\/uploads\/2025\/06\/img-2447-NyXdGj.jpg\" alt=\"7\u00aa Corrida \u201cSantar\u00e9m do Meu Amor\u201d celebra os 364 anos da P\u00e9rola do Tapaj\u00f3s com esporte, sa\u00fade e turismo\" \/>\r\n\t\t\t\t\t\t\t<\/a>\r\n\t\t<\/div>\r\n\r\n\t\t\t\t<div class=\"wppsac-post-categories\"><ul class=\"wppsac-post-categories-list\"><li><a href=\"https:\/\/blogdobetinho.com\/?cat=56\">Esporte<\/a><\/li><li><a href=\"https:\/\/blogdobetinho.com\/?cat=66\">PREFEITURA<\/a><\/li><\/ul><\/div>\r\n\t\t\r\n\t\t<div class=\"wppsac-post-short-content\">\r\n\t\t\t<div class=\"wppsac-item-meta bottom\">\r\n\t\t\t  \t<h2 class=\"wppsac-post-title\">\r\n\t\t\t\t\t<a href=\"https:\/\/blogdobetinho.com\/?p=6511\">7\u00aa Corrida \u201cSantar\u00e9m do Meu Amor\u201d celebra os 364 anos da P\u00e9rola do Tapaj\u00f3s com esporte, sa\u00fade e turismo<\/a>\r\n\t\t\t\t<\/h2>\r\n\r\n\t\t\t\t\t\t\t\t<div class=\"wppsac-post-date\">\r\n\t\t\t\t\t \r\n\t\t\t\t\t<span>By blogdobetinho<\/span>\r\n\t\t\t\t\t \/ 24 de junho de 2025 -  08:54:10\t\t\t\t<\/div>\r\n\t\t\t\t\t\t\t\t<div class=\"wppsac-post-content\">\r\n\t\t\t\t\t<div class=\"wppsac-sub-content\">Fernanda Rabelo Publicado em\u00a022\/06\/2025 17:42\u00a0-\u00a0Atualizado\u00a0h\u00e1 1 dia Uma manh\u00e3 de esporte, sa\u00fade e amor por Santar\u00e9m reuniu quase mil participantes...<\/div>\r\n\r\n\t\t\t\t\t\t\t\t\t\t<a class=\"wppsac-readmorebtn\" href=\"https:\/\/blogdobetinho.com\/?p=6511\">Read More<\/a>\r\n\t\t\t\t\t\t\t\t\t<\/div>\r\n\t\t\t\t\t\t\t<\/div>\r\n\t\t<\/div>\r\n\t<\/div>\r\n<\/div><div class=\"wppsac-post-slides\">\r\n\t<div class=\"wppsac-post-overlay\">\r\n\t\t<div class=\"wppsac-post-image-bg\">\r\n\t\t\t<a href=\"https:\/\/blogdobetinho.com\/?p=6506\">\r\n\t\t\t\t\t\t\t\t<img decoding=\"async\" class=\"wppsac-post-image\"  src=\"https:\/\/blogdobetinho.com\/wp-content\/uploads\/2025\/06\/16ec4869fe074fc8eb7c7f79e5126c5a.jpg\" alt=\"Ex-prefeito N\u00e9lio Aguiar relata momento delicado durante visita oficial a Israel e pede que grupo de brasileiros seja resgatado pelo governo federal\" \/>\r\n\t\t\t\t\t\t\t<\/a>\r\n\t\t<\/div>\r\n\r\n\t\t\t\t<div class=\"wppsac-post-categories\"><ul class=\"wppsac-post-categories-list\"><li><a href=\"https:\/\/blogdobetinho.com\/?cat=62\">Atualidades<\/a><\/li><\/ul><\/div>\r\n\t\t\r\n\t\t<div class=\"wppsac-post-short-content\">\r\n\t\t\t<div class=\"wppsac-item-meta bottom\">\r\n\t\t\t  \t<h2 class=\"wppsac-post-title\">\r\n\t\t\t\t\t<a href=\"https:\/\/blogdobetinho.com\/?p=6506\">Ex-prefeito N\u00e9lio Aguiar relata momento delicado durante visita oficial a Israel e pede que grupo de brasileiros seja resgatado pelo governo federal<\/a>\r\n\t\t\t\t<\/h2>\r\n\r\n\t\t\t\t\t\t\t\t<div class=\"wppsac-post-date\">\r\n\t\t\t\t\t \r\n\t\t\t\t\t<span>By blogdobetinho<\/span>\r\n\t\t\t\t\t \/ 13 de junho de 2025 -  09:27:46\t\t\t\t<\/div>\r\n\t\t\t\t\t\t\t\t<div class=\"wppsac-post-content\">\r\n\t\t\t\t\t<div class=\"wppsac-sub-content\">Secret\u00e1rio regional de governo relata que at\u00e9 \u00e0s 13 horas, hor\u00e1rio de Israel, desta sexta-feira, a comitiva brasileira estava em...<\/div>\r\n\r\n\t\t\t\t\t\t\t\t\t\t<a class=\"wppsac-readmorebtn\" href=\"https:\/\/blogdobetinho.com\/?p=6506\">Read More<\/a>\r\n\t\t\t\t\t\t\t\t\t<\/div>\r\n\t\t\t\t\t\t\t<\/div>\r\n\t\t<\/div>\r\n\t<\/div>\r\n<\/div><div class=\"wppsac-post-slides\">\r\n\t<div class=\"wppsac-post-overlay\">\r\n\t\t<div class=\"wppsac-post-image-bg\">\r\n\t\t\t<a href=\"https:\/\/blogdobetinho.com\/?p=6500\">\r\n\t\t\t\t\t\t\t\t<img decoding=\"async\" class=\"wppsac-post-image\"  src=\"https:\/\/blogdobetinho.com\/wp-content\/uploads\/2025\/05\/rsf-7309-71RMTW.jpg\" alt=\"Sala do Empreendedor oferece atendimentos durante a 16\u00aa edi\u00e7\u00e3o da Semana do MEI\" \/>\r\n\t\t\t\t\t\t\t<\/a>\r\n\t\t<\/div>\r\n\r\n\t\t\t\t<div class=\"wppsac-post-categories\"><ul class=\"wppsac-post-categories-list\"><li><a href=\"https:\/\/blogdobetinho.com\/?cat=61\">EMPREENDEDOR<\/a><\/li><li><a href=\"https:\/\/blogdobetinho.com\/?cat=66\">PREFEITURA<\/a><\/li><\/ul><\/div>\r\n\t\t\r\n\t\t<div class=\"wppsac-post-short-content\">\r\n\t\t\t<div class=\"wppsac-item-meta bottom\">\r\n\t\t\t  \t<h2 class=\"wppsac-post-title\">\r\n\t\t\t\t\t<a href=\"https:\/\/blogdobetinho.com\/?p=6500\">Sala do Empreendedor oferece atendimentos durante a 16\u00aa edi\u00e7\u00e3o da Semana do MEI<\/a>\r\n\t\t\t\t<\/h2>\r\n\r\n\t\t\t\t\t\t\t\t<div class=\"wppsac-post-date\">\r\n\t\t\t\t\t \r\n\t\t\t\t\t<span>By blogdobetinho<\/span>\r\n\t\t\t\t\t \/ 28 de maio de 2025 -  11:11:59\t\t\t\t<\/div>\r\n\t\t\t\t\t\t\t\t<div class=\"wppsac-post-content\">\r\n\t\t\t\t\t<div class=\"wppsac-sub-content\">Ailanda Tavares Publicado em\u00a027\/05\/2025 17:18\u00a0-\u00a0Atualizado\u00a0h\u00e1 17 horas Durante a Semana do MEI, os atendimentos ser\u00e3o refor\u00e7ados para garantir melhor atendimento...<\/div>\r\n\r\n\t\t\t\t\t\t\t\t\t\t<a class=\"wppsac-readmorebtn\" href=\"https:\/\/blogdobetinho.com\/?p=6500\">Read More<\/a>\r\n\t\t\t\t\t\t\t\t\t<\/div>\r\n\t\t\t\t\t\t\t<\/div>\r\n\t\t<\/div>\r\n\t<\/div>\r\n<\/div><div class=\"wppsac-post-slides\">\r\n\t<div class=\"wppsac-post-overlay\">\r\n\t\t<div class=\"wppsac-post-image-bg\">\r\n\t\t\t<a href=\"https:\/\/blogdobetinho.com\/?p=6494\">\r\n\t\t\t\t\t\t\t\t<img decoding=\"async\" class=\"wppsac-post-image\"  src=\"https:\/\/blogdobetinho.com\/wp-content\/uploads\/2025\/04\/WhatsApp-Image-2025-04-26-at-12.04.12.jpeg\" alt=\"NIGHT RUN ! Em Santar\u00e9m\" \/>\r\n\t\t\t\t\t\t\t<\/a>\r\n\t\t<\/div>\r\n\r\n\t\t\t\t<div class=\"wppsac-post-categories\"><ul class=\"wppsac-post-categories-list\"><li><a href=\"https:\/\/blogdobetinho.com\/?cat=56\">Esporte<\/a><\/li><li><a href=\"https:\/\/blogdobetinho.com\/?cat=57\">Sociedade<\/a><\/li><\/ul><\/div>\r\n\t\t\r\n\t\t<div class=\"wppsac-post-short-content\">\r\n\t\t\t<div class=\"wppsac-item-meta bottom\">\r\n\t\t\t  \t<h2 class=\"wppsac-post-title\">\r\n\t\t\t\t\t<a href=\"https:\/\/blogdobetinho.com\/?p=6494\">NIGHT RUN ! Em Santar\u00e9m<\/a>\r\n\t\t\t\t<\/h2>\r\n\r\n\t\t\t\t\t\t\t\t<div class=\"wppsac-post-date\">\r\n\t\t\t\t\t \r\n\t\t\t\t\t<span>By blogdobetinho<\/span>\r\n\t\t\t\t\t \/ 27 de abril de 2025 -  19:19:51\t\t\t\t<\/div>\r\n\t\t\t\t\t\t\t\t<div class=\"wppsac-post-content\">\r\n\t\t\t\t\t<div class=\"wppsac-sub-content\">T\u00c1 CHEGANDO O DIA DO 2\u00b0 NIGHT RUN ! \ud83c\udfc3\ud83c\udffb\ud83c\udfc3\ud83c\udffb\u200d\u2640\ufe0f Prepare-se para uma corrida noturna inesquec\u00edvel pelas ruas da cidade.Marque...<\/div>\r\n\r\n\t\t\t\t\t\t\t\t\t\t<a class=\"wppsac-readmorebtn\" href=\"https:\/\/blogdobetinho.com\/?p=6494\">Read More<\/a>\r\n\t\t\t\t\t\t\t\t\t<\/div>\r\n\t\t\t\t\t\t\t<\/div>\r\n\t\t<\/div>\r\n\t<\/div>\r\n<\/div><div class=\"wppsac-post-slides\">\r\n\t<div class=\"wppsac-post-overlay\">\r\n\t\t<div class=\"wppsac-post-image-bg\">\r\n\t\t\t<a href=\"https:\/\/blogdobetinho.com\/?p=6483\">\r\n\t\t\t\t\t\t\t\t<img decoding=\"async\" class=\"wppsac-post-image\"  src=\"https:\/\/blogdobetinho.com\/wp-content\/uploads\/2025\/04\/01-LYi69P.jpg\" alt=\"Prefeitura de Santar\u00e9m apoia a realiza\u00e7\u00e3o de travessia em \u00e1guas abertas no rio Tapaj\u00f3s\" \/>\r\n\t\t\t\t\t\t\t<\/a>\r\n\t\t<\/div>\r\n\r\n\t\t\t\t<div class=\"wppsac-post-categories\"><ul class=\"wppsac-post-categories-list\"><li><a href=\"https:\/\/blogdobetinho.com\/?cat=56\">Esporte<\/a><\/li><li><a href=\"https:\/\/blogdobetinho.com\/?cat=66\">PREFEITURA<\/a><\/li><\/ul><\/div>\r\n\t\t\r\n\t\t<div class=\"wppsac-post-short-content\">\r\n\t\t\t<div class=\"wppsac-item-meta bottom\">\r\n\t\t\t  \t<h2 class=\"wppsac-post-title\">\r\n\t\t\t\t\t<a href=\"https:\/\/blogdobetinho.com\/?p=6483\">Prefeitura de Santar\u00e9m apoia a realiza\u00e7\u00e3o de travessia em \u00e1guas abertas no rio Tapaj\u00f3s<\/a>\r\n\t\t\t\t<\/h2>\r\n\r\n\t\t\t\t\t\t\t\t<div class=\"wppsac-post-date\">\r\n\t\t\t\t\t \r\n\t\t\t\t\t<span>By blogdobetinho<\/span>\r\n\t\t\t\t\t \/ 15 de abril de 2025 -  09:30:24\t\t\t\t<\/div>\r\n\t\t\t\t\t\t\t\t<div class=\"wppsac-post-content\">\r\n\t\t\t\t\t<div class=\"wppsac-sub-content\">Tadeu Pinho Publicado em\u00a014\/04\/2025 16:39\u00a0-\u00a0Atualizado\u00a0h\u00e1 15 horas Por meio da Sempta, gest\u00e3o garantiu a seguran\u00e7a fluvial dos participantes. Para comemorar...<\/div>\r\n\r\n\t\t\t\t\t\t\t\t\t\t<a class=\"wppsac-readmorebtn\" href=\"https:\/\/blogdobetinho.com\/?p=6483\">Read More<\/a>\r\n\t\t\t\t\t\t\t\t\t<\/div>\r\n\t\t\t\t\t\t\t<\/div>\r\n\t\t<\/div>\r\n\t<\/div>\r\n<\/div><div class=\"wppsac-post-slides\">\r\n\t<div class=\"wppsac-post-overlay\">\r\n\t\t<div class=\"wppsac-post-image-bg\">\r\n\t\t\t<a href=\"https:\/\/blogdobetinho.com\/?p=6476\">\r\n\t\t\t\t\t\t\t\t<img decoding=\"async\" class=\"wppsac-post-image\"  src=\"https:\/\/blogdobetinho.com\/wp-content\/uploads\/2025\/04\/WhatsApp-Image-2025-04-03-at-08.20.05.jpeg\" alt=\"Confirmada edi\u00e7\u00e3o 2025 da Corrida do Meio Ambiente em Santar\u00e9m; saiba como participar\" \/>\r\n\t\t\t\t\t\t\t<\/a>\r\n\t\t<\/div>\r\n\r\n\t\t\t\t<div class=\"wppsac-post-categories\"><ul class=\"wppsac-post-categories-list\"><li><a href=\"https:\/\/blogdobetinho.com\/?cat=56\">Esporte<\/a><\/li><li><a href=\"https:\/\/blogdobetinho.com\/?cat=66\">PREFEITURA<\/a><\/li><\/ul><\/div>\r\n\t\t\r\n\t\t<div class=\"wppsac-post-short-content\">\r\n\t\t\t<div class=\"wppsac-item-meta bottom\">\r\n\t\t\t  \t<h2 class=\"wppsac-post-title\">\r\n\t\t\t\t\t<a href=\"https:\/\/blogdobetinho.com\/?p=6476\">Confirmada edi\u00e7\u00e3o 2025 da Corrida do Meio Ambiente em Santar\u00e9m; saiba como participar<\/a>\r\n\t\t\t\t<\/h2>\r\n\r\n\t\t\t\t\t\t\t\t<div class=\"wppsac-post-date\">\r\n\t\t\t\t\t \r\n\t\t\t\t\t<span>By blogdobetinho<\/span>\r\n\t\t\t\t\t \/ 3 de abril de 2025 -  08:28:15\t\t\t\t<\/div>\r\n\t\t\t\t\t\t\t\t<div class=\"wppsac-post-content\">\r\n\t\t\t\t\t<div class=\"wppsac-sub-content\">Edi\u00e7\u00e3o da corrida ter\u00e1 taxa acess\u00edvel com doa\u00e7\u00e3o de leite em p\u00f3 e ra\u00e7\u00e3o para c\u00e3es e gatos Confirmada a...<\/div>\r\n\r\n\t\t\t\t\t\t\t\t\t\t<a class=\"wppsac-readmorebtn\" href=\"https:\/\/blogdobetinho.com\/?p=6476\">Read More<\/a>\r\n\t\t\t\t\t\t\t\t\t<\/div>\r\n\t\t\t\t\t\t\t<\/div>\r\n\t\t<\/div>\r\n\t<\/div>\r\n<\/div><div class=\"wppsac-post-slides\">\r\n\t<div class=\"wppsac-post-overlay\">\r\n\t\t<div class=\"wppsac-post-image-bg\">\r\n\t\t\t<a href=\"https:\/\/blogdobetinho.com\/?p=6472\">\r\n\t\t\t\t\t\t\t\t<img decoding=\"async\" class=\"wppsac-post-image\"  src=\"https:\/\/blogdobetinho.com\/wp-content\/uploads\/2025\/03\/598f228d-5372-44a8-b7a3-c4b4b1e832c6-PunJrH.jpg\" alt=\"Iniciam as inscri\u00e7\u00f5es para cursos gratuitos em Administra\u00e7\u00e3o e Gest\u00e3o de Neg\u00f3cios\" \/>\r\n\t\t\t\t\t\t\t<\/a>\r\n\t\t<\/div>\r\n\r\n\t\t\t\t<div class=\"wppsac-post-categories\"><ul class=\"wppsac-post-categories-list\"><li><a href=\"https:\/\/blogdobetinho.com\/?cat=66\">PREFEITURA<\/a><\/li><\/ul><\/div>\r\n\t\t\r\n\t\t<div class=\"wppsac-post-short-content\">\r\n\t\t\t<div class=\"wppsac-item-meta bottom\">\r\n\t\t\t  \t<h2 class=\"wppsac-post-title\">\r\n\t\t\t\t\t<a href=\"https:\/\/blogdobetinho.com\/?p=6472\">Iniciam as inscri\u00e7\u00f5es para cursos gratuitos em Administra\u00e7\u00e3o e Gest\u00e3o de Neg\u00f3cios<\/a>\r\n\t\t\t\t<\/h2>\r\n\r\n\t\t\t\t\t\t\t\t<div class=\"wppsac-post-date\">\r\n\t\t\t\t\t \r\n\t\t\t\t\t<span>By blogdobetinho<\/span>\r\n\t\t\t\t\t \/ 26 de mar\u00e7o de 2025 -  09:32:58\t\t\t\t<\/div>\r\n\t\t\t\t\t\t\t\t<div class=\"wppsac-post-content\">\r\n\t\t\t\t\t<div class=\"wppsac-sub-content\">Ailanda Tavares Publicado em\u00a026\/03\/2025 08:25\u00a0-\u00a0Atualizado\u00a0h\u00e1 22 minutos A iniciativa busca fortalecer a qualifica\u00e7\u00e3o profissional e impulsionar o desenvolvimento econ\u00f4mico local....<\/div>\r\n\r\n\t\t\t\t\t\t\t\t\t\t<a class=\"wppsac-readmorebtn\" href=\"https:\/\/blogdobetinho.com\/?p=6472\">Read More<\/a>\r\n\t\t\t\t\t\t\t\t\t<\/div>\r\n\t\t\t\t\t\t\t<\/div>\r\n\t\t<\/div>\r\n\t<\/div>\r\n<\/div>\t\t\t<\/div>\r\n\t\t<\/div>\r\n\t<\/span><br \/>\n&nbsp;<\/p>\n<h1><strong>Prefeitura:<\/strong><\/h1>\n<p>\t\t<div class=\"pgafu-post-grid-main pgafu-design-1 pgafu-image-fit pgafu-grid-3 pgafu-clearfix \">\r\n\t\t\t<div class=\"pgafu-post-grid  pgafu-medium-4 pgafu-columns  pgafu-first\">\r\n\t<div class=\"pgafu-post-grid-content \">\r\n\t\t\t\t\t<div class=\"pgafu-post-image-bg\" style=\"\">\r\n\t\t\t\t<a href=\"https:\/\/blogdobetinho.com\/?p=6534\">\r\n\t\t\t\t\t<img decoding=\"async\" src=\"https:\/\/blogdobetinho.com\/wp-content\/uploads\/2025\/12\/nota-fiscal-eletronica-nf-e-linko-comercial-cr-sistemas-e-web-9osync-1024x684.jpg\" alt=\"Prefeitura inicia testes para emiss\u00e3o da Nota Fiscal de Servi\u00e7o Eletr\u00f4nica em padr\u00e3o nacional\" \/>\r\n\t\t\t\t<\/a>\r\n\t\t\t<\/div>\r\n\t\t\r\n\t\t<h2 class=\"pgafu-post-title\">\r\n\t\t\t<a href=\"https:\/\/blogdobetinho.com\/?p=6534\">Prefeitura inicia testes para emiss\u00e3o da Nota Fiscal de Servi\u00e7o Eletr\u00f4nica em padr\u00e3o nacional<\/a>\r\n\t\t<\/h2>\r\n\r\n\t\t\t\t\t<div class=\"pgafu-post-date\">\r\n\t\t\t\t\t\t\t<\/div>\r\n\t\t\t<\/div>\r\n<\/div><div class=\"pgafu-post-grid  pgafu-medium-4 pgafu-columns \">\r\n\t<div class=\"pgafu-post-grid-content \">\r\n\t\t\t\t\t<div class=\"pgafu-post-image-bg\" style=\"\">\r\n\t\t\t\t<a href=\"https:\/\/blogdobetinho.com\/?p=6529\">\r\n\t\t\t\t\t<img decoding=\"async\" src=\"https:\/\/blogdobetinho.com\/wp-content\/uploads\/2025\/12\/prorefis-krvDrZ-1024x606.jpg\" alt=\"Contribuintes t\u00eam at\u00e9 30 de dezembro para aproveitar os descontos do ProRefis 2025\" \/>\r\n\t\t\t\t<\/a>\r\n\t\t\t<\/div>\r\n\t\t\r\n\t\t<h2 class=\"pgafu-post-title\">\r\n\t\t\t<a href=\"https:\/\/blogdobetinho.com\/?p=6529\">Contribuintes t\u00eam at\u00e9 30 de dezembro para aproveitar os descontos do ProRefis 2025<\/a>\r\n\t\t<\/h2>\r\n\r\n\t\t\t\t\t<div class=\"pgafu-post-date\">\r\n\t\t\t\t\t\t\t<\/div>\r\n\t\t\t<\/div>\r\n<\/div><div class=\"pgafu-post-grid  pgafu-medium-4 pgafu-columns  pgafu-last\">\r\n\t<div class=\"pgafu-post-grid-content \">\r\n\t\t\t\t\t<div class=\"pgafu-post-image-bg\" style=\"\">\r\n\t\t\t\t<a href=\"https:\/\/blogdobetinho.com\/?p=6511\">\r\n\t\t\t\t\t<img decoding=\"async\" src=\"https:\/\/blogdobetinho.com\/wp-content\/uploads\/2025\/06\/img-2447-NyXdGj-1024x683.jpg\" alt=\"7\u00aa Corrida \u201cSantar\u00e9m do Meu Amor\u201d celebra os 364 anos da P\u00e9rola do Tapaj\u00f3s com esporte, sa\u00fade e turismo\" \/>\r\n\t\t\t\t<\/a>\r\n\t\t\t<\/div>\r\n\t\t\r\n\t\t<h2 class=\"pgafu-post-title\">\r\n\t\t\t<a href=\"https:\/\/blogdobetinho.com\/?p=6511\">7\u00aa Corrida \u201cSantar\u00e9m do Meu Amor\u201d celebra os 364 anos da P\u00e9rola do Tapaj\u00f3s com esporte, sa\u00fade e turismo<\/a>\r\n\t\t<\/h2>\r\n\r\n\t\t\t\t\t<div class=\"pgafu-post-date\">\r\n\t\t\t\t\t\t\t<\/div>\r\n\t\t\t<\/div>\r\n<\/div>\r\n\t\t\t\r\n\t\t<\/div>\r\n\r\n\t\t<br \/>\n<a href=\"?cat=66\"><\/p>\n<div style=\"border-bottom: 1px solid #3E4095; border-right: 1px solid #3E4095; text-align: right; padding: 5px 10px 5px 5px;\"><strong>+ Mais Not\u00edcias<\/strong><\/div>\n<p><\/a><\/p>\n<h1><strong>Sociedade:<\/strong><\/h1>\n<p>\t\t<div class=\"pgafu-post-grid-main pgafu-design-1 pgafu-image-fit pgafu-grid-2 pgafu-clearfix \">\r\n\t\t\t<div class=\"pgafu-post-grid  pgafu-medium-6 pgafu-columns  pgafu-first\">\r\n\t<div class=\"pgafu-post-grid-content \">\r\n\t\t\t\t\t<div class=\"pgafu-post-image-bg\" style=\"\">\r\n\t\t\t\t<a href=\"https:\/\/blogdobetinho.com\/?p=6494\">\r\n\t\t\t\t\t<img decoding=\"async\" src=\"https:\/\/blogdobetinho.com\/wp-content\/uploads\/2025\/04\/WhatsApp-Image-2025-04-26-at-12.04.12-1024x1024.jpeg\" alt=\"NIGHT RUN ! Em Santar\u00e9m\" \/>\r\n\t\t\t\t<\/a>\r\n\t\t\t<\/div>\r\n\t\t\r\n\t\t<h2 class=\"pgafu-post-title\">\r\n\t\t\t<a href=\"https:\/\/blogdobetinho.com\/?p=6494\">NIGHT RUN ! Em Santar\u00e9m<\/a>\r\n\t\t<\/h2>\r\n\r\n\t\t\t\t\t<div class=\"pgafu-post-date\">\r\n\t\t\t\t\t\t\t<\/div>\r\n\t\t\t<\/div>\r\n<\/div><div class=\"pgafu-post-grid  pgafu-medium-6 pgafu-columns  pgafu-last\">\r\n\t<div class=\"pgafu-post-grid-content \">\r\n\t\t\t\t\t<div class=\"pgafu-post-image-bg\" style=\"\">\r\n\t\t\t\t<a href=\"https:\/\/blogdobetinho.com\/?p=6414\">\r\n\t\t\t\t\t<img decoding=\"async\" src=\"https:\/\/blogdobetinho.com\/wp-content\/uploads\/2024\/03\/premio-turismo-i-ufJI7w-1024x1024.jpg\" alt=\"Semtur entregar\u00e1 pr\u00eamio aos destaques do turismo em Santar\u00e9m\" \/>\r\n\t\t\t\t<\/a>\r\n\t\t\t<\/div>\r\n\t\t\r\n\t\t<h2 class=\"pgafu-post-title\">\r\n\t\t\t<a href=\"https:\/\/blogdobetinho.com\/?p=6414\">Semtur entregar\u00e1 pr\u00eamio aos destaques do turismo em Santar\u00e9m<\/a>\r\n\t\t<\/h2>\r\n\r\n\t\t\t\t\t<div class=\"pgafu-post-date\">\r\n\t\t\t\t\t\t\t<\/div>\r\n\t\t\t<\/div>\r\n<\/div>\r\n\t\t\t\r\n\t\t<\/div>\r\n\r\n\t\t<br \/>\n<a href=\"?cat=57\"><\/p>\n<div style=\"border-bottom: 1px solid #3E4095; border-right: 1px solid #3E4095; text-align: right; padding: 5px 10px 5px 5px;\"><strong>+ Mais Not\u00edcias<\/strong><\/div>\n<p><\/a><\/p>\n<h2><strong>Espote<\/strong><\/h2>\n<p>\t\t<div class=\"pgafu-post-grid-main pgafu-design-1 pgafu-image-fit pgafu-grid-3 pgafu-clearfix \">\r\n\t\t\t<div class=\"pgafu-post-grid  pgafu-medium-4 pgafu-columns  pgafu-first\">\r\n\t<div class=\"pgafu-post-grid-content \">\r\n\t\t\t\t\t<div class=\"pgafu-post-image-bg\" style=\"\">\r\n\t\t\t\t<a href=\"https:\/\/blogdobetinho.com\/?p=6511\">\r\n\t\t\t\t\t<img decoding=\"async\" src=\"https:\/\/blogdobetinho.com\/wp-content\/uploads\/2025\/06\/img-2447-NyXdGj-1024x683.jpg\" alt=\"7\u00aa Corrida \u201cSantar\u00e9m do Meu Amor\u201d celebra os 364 anos da P\u00e9rola do Tapaj\u00f3s com esporte, sa\u00fade e turismo\" \/>\r\n\t\t\t\t<\/a>\r\n\t\t\t<\/div>\r\n\t\t\r\n\t\t<h2 class=\"pgafu-post-title\">\r\n\t\t\t<a href=\"https:\/\/blogdobetinho.com\/?p=6511\">7\u00aa Corrida \u201cSantar\u00e9m do Meu Amor\u201d celebra os 364 anos da P\u00e9rola do Tapaj\u00f3s com esporte, sa\u00fade e turismo<\/a>\r\n\t\t<\/h2>\r\n\r\n\t\t\t\t\t<div class=\"pgafu-post-date\">\r\n\t\t\t\t\t\t\t<\/div>\r\n\t\t\t<\/div>\r\n<\/div><div class=\"pgafu-post-grid  pgafu-medium-4 pgafu-columns \">\r\n\t<div class=\"pgafu-post-grid-content \">\r\n\t\t\t\t\t<div class=\"pgafu-post-image-bg\" style=\"\">\r\n\t\t\t\t<a href=\"https:\/\/blogdobetinho.com\/?p=6494\">\r\n\t\t\t\t\t<img decoding=\"async\" src=\"https:\/\/blogdobetinho.com\/wp-content\/uploads\/2025\/04\/WhatsApp-Image-2025-04-26-at-12.04.12-1024x1024.jpeg\" alt=\"NIGHT RUN ! Em Santar\u00e9m\" \/>\r\n\t\t\t\t<\/a>\r\n\t\t\t<\/div>\r\n\t\t\r\n\t\t<h2 class=\"pgafu-post-title\">\r\n\t\t\t<a href=\"https:\/\/blogdobetinho.com\/?p=6494\">NIGHT RUN ! Em Santar\u00e9m<\/a>\r\n\t\t<\/h2>\r\n\r\n\t\t\t\t\t<div class=\"pgafu-post-date\">\r\n\t\t\t\t\t\t\t<\/div>\r\n\t\t\t<\/div>\r\n<\/div><div class=\"pgafu-post-grid  pgafu-medium-4 pgafu-columns  pgafu-last\">\r\n\t<div class=\"pgafu-post-grid-content \">\r\n\t\t\t\t\t<div class=\"pgafu-post-image-bg\" style=\"\">\r\n\t\t\t\t<a href=\"https:\/\/blogdobetinho.com\/?p=6483\">\r\n\t\t\t\t\t<img decoding=\"async\" src=\"https:\/\/blogdobetinho.com\/wp-content\/uploads\/2025\/04\/01-LYi69P-1024x576.jpg\" alt=\"Prefeitura de Santar\u00e9m apoia a realiza\u00e7\u00e3o de travessia em \u00e1guas abertas no rio Tapaj\u00f3s\" \/>\r\n\t\t\t\t<\/a>\r\n\t\t\t<\/div>\r\n\t\t\r\n\t\t<h2 class=\"pgafu-post-title\">\r\n\t\t\t<a href=\"https:\/\/blogdobetinho.com\/?p=6483\">Prefeitura de Santar\u00e9m apoia a realiza\u00e7\u00e3o de travessia em \u00e1guas abertas no rio Tapaj\u00f3s<\/a>\r\n\t\t<\/h2>\r\n\r\n\t\t\t\t\t<div class=\"pgafu-post-date\">\r\n\t\t\t\t\t\t\t<\/div>\r\n\t\t\t<\/div>\r\n<\/div>\r\n\t\t\t\r\n\t\t<\/div>\r\n\r\n\t\t<br \/>\n<a href=\"?cat=56\"><\/p>\n<div style=\"border-bottom: 1px solid #3E4095; border-right: 1px solid #3E4095; text-align: right; padding: 5px 10px 5px 5px;\"><strong>+ Mais Not\u00edcias<\/strong><\/div>\n<p><\/a><\/p>\n<h2><strong>Economia<\/strong><\/h2>\n<p>\t\t<div class=\"pgafu-post-grid-main pgafu-design-1 pgafu-image-fit pgafu-grid-3 pgafu-clearfix \">\r\n\t\t\t<div class=\"pgafu-post-grid  pgafu-medium-4 pgafu-columns  pgafu-first\">\r\n\t<div class=\"pgafu-post-grid-content no-thumb-image\">\r\n\t\t\r\n\t\t<h2 class=\"pgafu-post-title\">\r\n\t\t\t<a href=\"https:\/\/blogdobetinho.com\/?p=6404\">Inscri\u00e7\u00e3o estadual suspensa por d\u00e9bito \u00e9 ilegal.<\/a>\r\n\t\t<\/h2>\r\n\r\n\t\t\t\t\t<div class=\"pgafu-post-date\">\r\n\t\t\t\t\t\t\t<\/div>\r\n\t\t\t<\/div>\r\n<\/div><div class=\"pgafu-post-grid  pgafu-medium-4 pgafu-columns \">\r\n\t<div class=\"pgafu-post-grid-content \">\r\n\t\t\t\t\t<div class=\"pgafu-post-image-bg\" style=\"\">\r\n\t\t\t\t<a href=\"https:\/\/blogdobetinho.com\/?p=6272\">\r\n\t\t\t\t\t<img decoding=\"async\" src=\"https:\/\/blogdobetinho.com\/wp-content\/uploads\/2021\/06\/up_ag_29075_3eccb7ac-163d-7291-9d13-394c91379bd6.jpg\" alt=\"Governo assina decreto que institui valor de terra nua no Estado\" \/>\r\n\t\t\t\t<\/a>\r\n\t\t\t<\/div>\r\n\t\t\r\n\t\t<h2 class=\"pgafu-post-title\">\r\n\t\t\t<a href=\"https:\/\/blogdobetinho.com\/?p=6272\">Governo assina decreto que institui valor de terra nua no Estado<\/a>\r\n\t\t<\/h2>\r\n\r\n\t\t\t\t\t<div class=\"pgafu-post-date\">\r\n\t\t\t\t\t\t\t<\/div>\r\n\t\t\t<\/div>\r\n<\/div><div class=\"pgafu-post-grid  pgafu-medium-4 pgafu-columns  pgafu-last\">\r\n\t<div class=\"pgafu-post-grid-content \">\r\n\t\t\t\t\t<div class=\"pgafu-post-image-bg\" style=\"\">\r\n\t\t\t\t<a href=\"https:\/\/blogdobetinho.com\/?p=6265\">\r\n\t\t\t\t\t<img decoding=\"async\" src=\"https:\/\/blogdobetinho.com\/wp-content\/uploads\/2021\/05\/8d920c22-a0e1-4fe4-8245-97255bfd8442-1024x1024.jpg\" alt=\"IPTU Continua de forma facilitada ao contribuinte de Santar\u00e9m\" \/>\r\n\t\t\t\t<\/a>\r\n\t\t\t<\/div>\r\n\t\t\r\n\t\t<h2 class=\"pgafu-post-title\">\r\n\t\t\t<a href=\"https:\/\/blogdobetinho.com\/?p=6265\">IPTU Continua de forma facilitada ao contribuinte de Santar\u00e9m<\/a>\r\n\t\t<\/h2>\r\n\r\n\t\t\t\t\t<div class=\"pgafu-post-date\">\r\n\t\t\t\t\t\t\t<\/div>\r\n\t\t\t<\/div>\r\n<\/div>\r\n\t\t\t\r\n\t\t<\/div>\r\n\r\n\t\t<br \/>\n<a href=\"?cat=53\"><\/p>\n<div style=\"border-bottom: 1px solid #3E4095; border-right: 1px solid #3E4095; text-align: right; padding: 5px 10px 5px 5px;\"><strong>+ Mais Not\u00edcias<\/strong><\/div>\n<p><\/a><\/p>\n<h2><strong>Cutura<\/strong><\/h2>\n<p>\t\t<div class=\"pgafu-post-grid-main pgafu-design-1 pgafu-image-fit pgafu-grid-3 pgafu-clearfix \">\r\n\t\t\t<div class=\"pgafu-post-grid  pgafu-medium-4 pgafu-columns  pgafu-first\">\r\n\t<div class=\"pgafu-post-grid-content \">\r\n\t\t\t\t\t<div class=\"pgafu-post-image-bg\" style=\"\">\r\n\t\t\t\t<a href=\"https:\/\/blogdobetinho.com\/?p=5645\">\r\n\t\t\t\t\t<img decoding=\"async\" src=\"https:\/\/blogdobetinho.com\/wp-content\/uploads\/2020\/02\/6024_62c5ecf1-697a-eebf-4805-682c41353d19-1.jpg\" alt=\"\u2018Mela-mela\u2019 e \u2018Cara limpa\u2019 animaram milhares de foli\u00f5es em Alter do Ch\u00e3o\" \/>\r\n\t\t\t\t<\/a>\r\n\t\t\t<\/div>\r\n\t\t\r\n\t\t<h2 class=\"pgafu-post-title\">\r\n\t\t\t<a href=\"https:\/\/blogdobetinho.com\/?p=5645\">\u2018Mela-mela\u2019 e \u2018Cara limpa\u2019 animaram milhares de foli\u00f5es em Alter do Ch\u00e3o<\/a>\r\n\t\t<\/h2>\r\n\r\n\t\t\t\t\t<div class=\"pgafu-post-date\">\r\n\t\t\t\t\t\t\t<\/div>\r\n\t\t\t<\/div>\r\n<\/div><div class=\"pgafu-post-grid  pgafu-medium-4 pgafu-columns \">\r\n\t<div class=\"pgafu-post-grid-content \">\r\n\t\t\t\t\t<div class=\"pgafu-post-image-bg\" style=\"\">\r\n\t\t\t\t<a href=\"https:\/\/blogdobetinho.com\/?p=5614\">\r\n\t\t\t\t\t<img decoding=\"async\" src=\"https:\/\/blogdobetinho.com\/wp-content\/uploads\/2020\/02\/91a6ba52-a848-4ac0-acfb-cd50ebb6c788-586x1024.jpg\" alt=\"MBA GEST\u00c3O ESTRAT\u00c9GICA DO AGRONEG\u00d3CIOS\" \/>\r\n\t\t\t\t<\/a>\r\n\t\t\t<\/div>\r\n\t\t\r\n\t\t<h2 class=\"pgafu-post-title\">\r\n\t\t\t<a href=\"https:\/\/blogdobetinho.com\/?p=5614\">MBA GEST\u00c3O ESTRAT\u00c9GICA DO AGRONEG\u00d3CIOS<\/a>\r\n\t\t<\/h2>\r\n\r\n\t\t\t\t\t<div class=\"pgafu-post-date\">\r\n\t\t\t\t\t\t\t<\/div>\r\n\t\t\t<\/div>\r\n<\/div><div class=\"pgafu-post-grid  pgafu-medium-4 pgafu-columns  pgafu-last\">\r\n\t<div class=\"pgafu-post-grid-content \">\r\n\t\t\t\t\t<div class=\"pgafu-post-image-bg\" style=\"\">\r\n\t\t\t\t<a href=\"https:\/\/blogdobetinho.com\/?p=5487\">\r\n\t\t\t\t\t<img decoding=\"async\" src=\"https:\/\/blogdobetinho.com\/wp-content\/uploads\/2020\/01\/up_ag_8102_b17cca1f-1cf3-4902-d203-0482e7255130.jpg\" alt=\"Sucesso de p\u00fablico, o humorista Epaminondas Gustavo retorna \u00e0 Casa da Cultura\" \/>\r\n\t\t\t\t<\/a>\r\n\t\t\t<\/div>\r\n\t\t\r\n\t\t<h2 class=\"pgafu-post-title\">\r\n\t\t\t<a href=\"https:\/\/blogdobetinho.com\/?p=5487\">Sucesso de p\u00fablico, o humorista Epaminondas Gustavo retorna \u00e0 Casa da Cultura<\/a>\r\n\t\t<\/h2>\r\n\r\n\t\t\t\t\t<div class=\"pgafu-post-date\">\r\n\t\t\t\t\t\t\t<\/div>\r\n\t\t\t<\/div>\r\n<\/div>\r\n\t\t\t\r\n\t\t<\/div>\r\n\r\n\t\t<br \/>\n<a href=\"?cat=64\"><\/p>\n<div style=\"border-bottom: 1px solid #3E4095; border-right: 1px solid #3E4095; text-align: right; padding: 5px 10px 5px 5px;\"><strong>+ Mais Not\u00edcias<\/strong><\/div>\n<p><\/a><\/p>\n<h2><strong>\u00daltimos posts<\/strong><\/h2>\n\t\t<div class=\"pgafu-post-grid-main pgafu-design-1 pgafu-image-fit pgafu-grid-3 pgafu-clearfix \">\r\n\t\t\t<div class=\"pgafu-post-grid  pgafu-medium-4 pgafu-columns  pgafu-first\">\r\n\t<div class=\"pgafu-post-grid-content \">\r\n\t\t\t\t\t<div class=\"pgafu-post-image-bg\" style=\"\">\r\n\t\t\t\t<a href=\"https:\/\/blogdobetinho.com\/?p=6545\">\r\n\t\t\t\t\t<img decoding=\"async\" src=\"https:\/\/blogdobetinho.com\/wp-content\/uploads\/2025\/12\/75d91e1c-0f66-4ea4-ab13-3a775a686af1.jpeg\" alt=\"Munic\u00edpios devem ficar atentos: Receita e CGSN divulgam cronograma de op\u00e7\u00e3o pelo Simples Nacional em 2026\" \/>\r\n\t\t\t\t<\/a>\r\n\t\t\t<\/div>\r\n\t\t\r\n\t\t<h2 class=\"pgafu-post-title\">\r\n\t\t\t<a href=\"https:\/\/blogdobetinho.com\/?p=6545\">Munic\u00edpios devem ficar atentos: Receita e CGSN divulgam cronograma de op\u00e7\u00e3o pelo Simples Nacional em 2026<\/a>\r\n\t\t<\/h2>\r\n\r\n\t\t\t\t\t<div class=\"pgafu-post-date\">\r\n\t\t\t\t\t\t\t<\/div>\r\n\t\t\t<\/div>\r\n<\/div><div class=\"pgafu-post-grid  pgafu-medium-4 pgafu-columns \">\r\n\t<div class=\"pgafu-post-grid-content \">\r\n\t\t\t\t\t<div class=\"pgafu-post-image-bg\" style=\"\">\r\n\t\t\t\t<a href=\"https:\/\/blogdobetinho.com\/?p=6534\">\r\n\t\t\t\t\t<img decoding=\"async\" src=\"https:\/\/blogdobetinho.com\/wp-content\/uploads\/2025\/12\/nota-fiscal-eletronica-nf-e-linko-comercial-cr-sistemas-e-web-9osync-1024x684.jpg\" alt=\"Prefeitura inicia testes para emiss\u00e3o da Nota Fiscal de Servi\u00e7o Eletr\u00f4nica em padr\u00e3o nacional\" \/>\r\n\t\t\t\t<\/a>\r\n\t\t\t<\/div>\r\n\t\t\r\n\t\t<h2 class=\"pgafu-post-title\">\r\n\t\t\t<a href=\"https:\/\/blogdobetinho.com\/?p=6534\">Prefeitura inicia testes para emiss\u00e3o da Nota Fiscal de Servi\u00e7o Eletr\u00f4nica em padr\u00e3o nacional<\/a>\r\n\t\t<\/h2>\r\n\r\n\t\t\t\t\t<div class=\"pgafu-post-date\">\r\n\t\t\t\t\t\t\t<\/div>\r\n\t\t\t<\/div>\r\n<\/div><div class=\"pgafu-post-grid  pgafu-medium-4 pgafu-columns  pgafu-last\">\r\n\t<div class=\"pgafu-post-grid-content \">\r\n\t\t\t\t\t<div class=\"pgafu-post-image-bg\" style=\"\">\r\n\t\t\t\t<a href=\"https:\/\/blogdobetinho.com\/?p=6529\">\r\n\t\t\t\t\t<img decoding=\"async\" src=\"https:\/\/blogdobetinho.com\/wp-content\/uploads\/2025\/12\/prorefis-krvDrZ-1024x606.jpg\" alt=\"Contribuintes t\u00eam at\u00e9 30 de dezembro para aproveitar os descontos do ProRefis 2025\" \/>\r\n\t\t\t\t<\/a>\r\n\t\t\t<\/div>\r\n\t\t\r\n\t\t<h2 class=\"pgafu-post-title\">\r\n\t\t\t<a href=\"https:\/\/blogdobetinho.com\/?p=6529\">Contribuintes t\u00eam at\u00e9 30 de dezembro para aproveitar os descontos do ProRefis 2025<\/a>\r\n\t\t<\/h2>\r\n\r\n\t\t\t\t\t<div class=\"pgafu-post-date\">\r\n\t\t\t\t\t\t\t<\/div>\r\n\t\t\t<\/div>\r\n<\/div>\r\n\t\t\t\t\t\t\t<div class=\"pgafu-post-pagination pgafu-clearfix\">\r\n\t\t\t\t\t<span aria-current=\"page\" class=\"page-numbers current\">1<\/span>\n<a class=\"page-numbers\" href=\"https:\/\/blogdobetinho.com\/index.php?rest_route=%2Fwp%2Fv2%2Fpages%2F5151&#038;paged=2\">2<\/a>\n<a class=\"page-numbers\" href=\"https:\/\/blogdobetinho.com\/index.php?rest_route=%2Fwp%2Fv2%2Fpages%2F5151&#038;paged=3\">3<\/a>\n<span class=\"page-numbers dots\">&hellip;<\/span>\n<a class=\"page-numbers\" href=\"https:\/\/blogdobetinho.com\/index.php?rest_route=%2Fwp%2Fv2%2Fpages%2F5151&#038;paged=687\">687<\/a>\n<a class=\"next page-numbers\" href=\"https:\/\/blogdobetinho.com\/index.php?rest_route=%2Fwp%2Fv2%2Fpages%2F5151&#038;paged=2\">Next \u00bb<\/a>\t\t\t\t<\/div>\r\n\t\t\t\r\n\t\t<\/div>\r\n\r\n\t\t\n","protected":false},"excerpt":{"rendered":"<p>Total de Visualiza\u00e7\u00f5es&nbsp;445&nbsp;total views, Visto hoje&nbsp;6&nbsp;views today &nbsp; Prefeitura: + Mais Not\u00edcias Sociedade: + Mais Not\u00edcias Espote + Mais Not\u00edcias<\/p>\n","protected":false},"author":1,"featured_media":0,"parent":0,"menu_order":0,"comment_status":"closed","ping_status":"closed","template":"","meta":{"footnotes":""},"_links":{"self":[{"href":"https:\/\/blogdobetinho.com\/index.php?rest_route=\/wp\/v2\/pages\/5151"}],"collection":[{"href":"https:\/\/blogdobetinho.com\/index.php?rest_route=\/wp\/v2\/pages"}],"about":[{"href":"https:\/\/blogdobetinho.com\/index.php?rest_route=\/wp\/v2\/types\/page"}],"author":[{"embeddable":true,"href":"https:\/\/blogdobetinho.com\/index.php?rest_route=\/wp\/v2\/users\/1"}],"replies":[{"embeddable":true,"href":"https:\/\/blogdobetinho.com\/index.php?rest_route=%2Fwp%2Fv2%2Fcomments&post=5151"}],"version-history":[{"count":30,"href":"https:\/\/blogdobetinho.com\/index.php?rest_route=\/wp\/v2\/pages\/5151\/revisions"}],"predecessor-version":[{"id":6204,"href":"https:\/\/blogdobetinho.com\/index.php?rest_route=\/wp\/v2\/pages\/5151\/revisions\/6204"}],"wp:attachment":[{"href":"https:\/\/blogdobetinho.com\/index.php?rest_route=%2Fwp%2Fv2%2Fmedia&parent=5151"}],"curies":[{"name":"wp","href":"https:\/\/api.w.org\/{rel}","templated":true}]}}